{"id":7256,"date":"2020-02-03T09:29:28","date_gmt":"2020-02-03T09:29:28","guid":{"rendered":"https:\/\/vs-manufaktur.de\/?post_type=portfolio&#038;p=7256"},"modified":"2025-01-28T11:31:45","modified_gmt":"2025-01-28T11:31:45","slug":"lonea","status":"publish","type":"portfolio","link":"https:\/\/vs-manufaktur.de\/fr\/portfolio\/lonea\/","title":{"rendered":"LONEA"},"content":{"rendered":"<div class=\"wpb-content-wrapper\"><p>[vc_row][vc_column width=\u00a0\u00bb1\/2&Prime;][vc_column_text css=\u00a0\u00bb.vc_custom_1634277378849{margin-top: -5px !important;}\u00a0\u00bb]<\/p>\n<p class=\"p1\"><strong>Raumstrahler<\/strong><\/p>\n<p>[\/vc_column_text][vc_column_text css=\u00a0\u00bb.vc_custom_1634277373864{margin-top: -10px !important;}\u00a0\u00bb]<\/p>\n<table>\n<tbody>\n<tr>\n<td width=\"130px\">Designed by:<\/td>\n<td>Florian Schulz<\/td>\n<\/tr>\n<\/tbody>\n<\/table>\n<p>[\/vc_column_text][vc_column_text css=\u00a0\u00bb\u00a0\u00bb]<\/p>\n<table>\n<tbody>\n<tr>\n<td width=\"130px\">H\u00f6he:<\/td>\n<td>180 cm<\/td>\n<\/tr>\n<tr>\n<td>Schirm:<\/td>\n<td>Glas wei\u00df-opal, \u00d8 23 cm<\/td>\n<\/tr>\n<tr>\n<td>Fassung:<\/td>\n<td>E27, max. 250 W<\/td>\n<\/tr>\n<tr>\n<td>Leuchtmittel:<\/td>\n<td>1x E27 LED inkl., 3.452 Lumen, 27 W (entspricht 200 W), 2700\u00b0K, dimmbar<\/td>\n<\/tr>\n<tr>\n<td>Kabel:<\/td>\n<td>3 m<\/td>\n<\/tr>\n<tr>\n<td>Dimmer:<\/td>\n<td>in Zuleitung<\/td>\n<\/tr>\n<\/tbody>\n<\/table>\n<p>[\/vc_column_text][vc_single_image image=\u00a0\u00bb7273&Prime; img_size=\u00a0\u00bblarge\u00a0\u00bb onclick=\u00a0\u00bblink_image\u00a0\u00bb][\/vc_column][vc_column width=\u00a0\u00bb1\/2&Prime;][vc_gallery interval=\u00a0\u00bb3&Prime; images=\u00a0\u00bb10808&Prime; img_size=\u00a0\u00bblarge\u00a0\u00bb][\/vc_column][\/vc_row][vc_row][vc_column][\/vc_column][\/vc_row][vc_row][vc_column][vc_column_text]<\/p>\n<p class=\"p1\">Verf\u00fcgbar in folgenden Oberfl\u00e4chen:<\/p>\n<p>[\/vc_column_text][vc_single_image image=\u00a0\u00bb8018&Prime; img_size=\u00a0\u00bblarge\u00a0\u00bb alignment=\u00a0\u00bbcenter\u00a0\u00bb onclick=\u00a0\u00bblink_image\u00a0\u00bb][\/vc_column][\/vc_row][vc_row css=\u00a0\u00bb.vc_custom_1611070978293{margin-top: 20px !important;}\u00a0\u00bb][vc_column][\/vc_column][\/vc_row][vc_row][vc_column][vc_btn title=\u00a0\u00bbDownload Bilddateien\u00a0\u00bb link=\u00a0\u00bburl:https%3A%2F%2Fvs-manufaktur.de%2Fwp-content%2Fuploads%2F2021%2F10%2FLONEA.jpg.zip\u00a0\u00bb][vc_btn title=\u00a0\u00bbDownload Energielabel\u00a0\u00bb css=\u00a0\u00bb.vc_custom_1629141842045{margin-left: 50px !important;}\u00a0\u00bb link=\u00a0\u00bburl:https%3A%2F%2Fvs-manufaktur.de%2Fwp-content%2Fuploads%2F2021%2F08%2FEnergylabel_LONEA.zip\u00a0\u00bb][vc_btn title=\u00a0\u00bbDownload Produktdatenblatt\u00a0\u00bb css=\u00a0\u00bb.vc_custom_1629141939006{margin-left: 50px !important;}\u00a0\u00bb link=\u00a0\u00bburl:https%3A%2F%2Fvs-manufaktur.de%2Fwp-content%2Fuploads%2F2021%2F08%2Fdata-sheet-LONEA_de.pdf.zip\u00a0\u00bb][\/vc_column][\/vc_row]<\/p>\n<\/div>","protected":false},"excerpt":{"rendered":"<p>[vc_row][vc_column width=\u00a0\u00bb1\/2&Prime;][vc_column_text css=\u00a0\u00bb.vc_custom_1634277378849{margin-top: -5px !important;}\u00a0\u00bb] Raumstrahler [\/vc_column_text][vc_column_text css=\u00a0\u00bb.vc_custom_1634277373864{margin-top: -10px !important;}\u00a0\u00bb] Designed by: Florian Schulz [\/vc_column_text][vc_column_text css=\u00a0\u00bb\u00a0\u00bb] H\u00f6he: 180 cm Schirm: Glas wei\u00df-opal, \u00d8 23 cm Fassung: E27, max. 250 W Leuchtmittel: 1x E27 LED inkl., 3.452 Lumen, 27 W (entspricht 200 W), 2700\u00b0K, dimmbar Kabel: 3 m Dimmer: in Zuleitung [\/vc_column_text][vc_single_image image=\u00a0\u00bb7273&Prime; img_size=\u00a0\u00bblarge\u00a0\u00bb onclick=\u00a0\u00bblink_image\u00a0\u00bb][\/vc_column][vc_column width=\u00a0\u00bb1\/2&Prime;][vc_gallery&hellip;<\/p>\n","protected":false},"author":2,"featured_media":7261,"comment_status":"closed","ping_status":"closed","template":"","meta":{"_acf_changed":false,"footnotes":""},"portfolio_category":[34,79],"portfolio_tag":[],"class_list":["post-7256","portfolio","type-portfolio","status-publish","has-post-thumbnail","hentry","portfolio_category-raumstrahler","portfolio_category-raumstrahler-fs"],"translation":{"provider":"WPGlobus","version":"3.0.2","language":"fr","enabled_languages":["de","en","fr"],"languages":{"de":{"title":true,"content":true,"excerpt":false},"en":{"title":true,"content":true,"excerpt":false},"fr":{"title":false,"content":false,"excerpt":false}}},"acf":[],"aioseo_notices":[],"_links":{"self":[{"href":"https:\/\/vs-manufaktur.de\/fr\/wp-json\/wp\/v2\/portfolio\/7256","targetHints":{"allow":["GET"]}}],"collection":[{"href":"https:\/\/vs-manufaktur.de\/fr\/wp-json\/wp\/v2\/portfolio"}],"about":[{"href":"https:\/\/vs-manufaktur.de\/fr\/wp-json\/wp\/v2\/types\/portfolio"}],"author":[{"embeddable":true,"href":"https:\/\/vs-manufaktur.de\/fr\/wp-json\/wp\/v2\/users\/2"}],"replies":[{"embeddable":true,"href":"https:\/\/vs-manufaktur.de\/fr\/wp-json\/wp\/v2\/comments?post=7256"}],"version-history":[{"count":38,"href":"https:\/\/vs-manufaktur.de\/fr\/wp-json\/wp\/v2\/portfolio\/7256\/revisions"}],"predecessor-version":[{"id":13187,"href":"https:\/\/vs-manufaktur.de\/fr\/wp-json\/wp\/v2\/portfolio\/7256\/revisions\/13187"}],"wp:featuredmedia":[{"embeddable":true,"href":"https:\/\/vs-manufaktur.de\/fr\/wp-json\/wp\/v2\/media\/7261"}],"wp:attachment":[{"href":"https:\/\/vs-manufaktur.de\/fr\/wp-json\/wp\/v2\/media?parent=7256"}],"wp:term":[{"taxonomy":"portfolio_category","embeddable":true,"href":"https:\/\/vs-manufaktur.de\/fr\/wp-json\/wp\/v2\/portfolio_category?post=7256"},{"taxonomy":"portfolio_tag","embeddable":true,"href":"https:\/\/vs-manufaktur.de\/fr\/wp-json\/wp\/v2\/portfolio_tag?post=7256"}],"curies":[{"name":"wp","href":"https:\/\/api.w.org\/{rel}","templated":true}]}}