{"id":4888,"date":"2019-02-13T07:15:00","date_gmt":"2019-02-13T07:15:00","guid":{"rendered":"https:\/\/vs-manufaktur.de\/?post_type=portfolio&#038;p=4888"},"modified":"2022-03-17T10:54:31","modified_gmt":"2022-03-17T10:54:31","slug":"lesan","status":"publish","type":"portfolio","link":"https:\/\/vs-manufaktur.de\/fr\/portfolio\/lesan\/","title":{"rendered":"LESAN M"},"content":{"rendered":"<div class=\"wpb-content-wrapper\"><p>[vc_row][vc_column width=\u00a0\u00bb1\/2&Prime;][vc_column_text css=\u00a0\u00bb.vc_custom_1634279083967{margin-top: -5px !important;}\u00a0\u00bb]<strong>Leseleuchte\u00a0<\/strong>[\/vc_column_text][vc_column_text css=\u00a0\u00bb.vc_custom_1634279078408{margin-top: -10px !important;}\u00a0\u00bb]<\/p>\n<table>\n<tbody>\n<tr>\n<td width=\"130px\">Designed by:<\/td>\n<td>Florian Schulz<\/td>\n<\/tr>\n<\/tbody>\n<\/table>\n<p>[\/vc_column_text][vc_column_text]<\/p>\n<table>\n<tbody>\n<tr>\n<td width=\"130px\">H\u00f6he:<\/td>\n<td>verstellbar von 90 &#8211; 135 cm<\/td>\n<\/tr>\n<tr>\n<td>Schirm:<\/td>\n<td>Metall \u00d8 28 cm<\/td>\n<\/tr>\n<tr>\n<td>Fassung:<\/td>\n<td>E27, max. 100 W<\/td>\n<\/tr>\n<tr>\n<td>Leuchtmittel:<\/td>\n<td>1 x E27 LED \u00e1 1055 Lumen, 10,5 W inkl. 2700\u00b0 K, 10,5 W entspricht 75 W, dimmbar<\/td>\n<\/tr>\n<tr>\n<td>Kabel:<\/td>\n<td>3 m<\/td>\n<\/tr>\n<tr>\n<td>Dimmer:<\/td>\n<td>in Zuleitung<\/td>\n<\/tr>\n<\/tbody>\n<\/table>\n<p>[\/vc_column_text][vc_single_image image=\u00a0\u00bb7630&Prime; img_size=\u00a0\u00bblarge\u00a0\u00bb onclick=\u00a0\u00bblink_image\u00a0\u00bb css=\u00a0\u00bb.vc_custom_1612026061890{margin-right: 80px !important;}\u00a0\u00bb][\/vc_column][vc_column width=\u00a0\u00bb1\/2&Prime;][vc_gallery interval=\u00a0\u00bb3&Prime; images=\u00a0\u00bb10879&Prime; img_size=\u00a0\u00bblarge\u00a0\u00bb][\/vc_column][\/vc_row][vc_row][vc_column][\/vc_column][\/vc_row][vc_row][vc_column][vc_column_text]<\/p>\n<p class=\"p1\">Verf\u00fcgbar in folgenden Oberfl\u00e4chen:<\/p>\n<p>[\/vc_column_text][vc_single_image image=\u00a0\u00bb8018&Prime; img_size=\u00a0\u00bblarge\u00a0\u00bb alignment=\u00a0\u00bbcenter\u00a0\u00bb onclick=\u00a0\u00bblink_image\u00a0\u00bb][\/vc_column][\/vc_row][vc_row][vc_column][\/vc_column][\/vc_row][vc_row][vc_column][vc_btn title=\u00a0\u00bbDownload Bilddateien\u00a0\u00bb link=\u00a0\u00bburl:https%3A%2F%2Fvs-manufaktur.de%2Fwp-content%2Fuploads%2F2021%2F10%2FLESAN-M.jpg.zip\u00a0\u00bb][vc_btn title=\u00a0\u00bbDownload Energielabel\u00a0\u00bb link=\u00a0\u00bburl:https%3A%2F%2Fvs-manufaktur.de%2Fwp-content%2Fuploads%2F2021%2F08%2FEnergylabel_LESAN-SM.zip\u00a0\u00bb css=\u00a0\u00bb.vc_custom_1629184573375{margin-left: 50px !important;}\u00a0\u00bb][vc_btn title=\u00a0\u00bbDownload Produktdatenblatt\u00a0\u00bb link=\u00a0\u00bburl:https%3A%2F%2Fvs-manufaktur.de%2Fwp-content%2Fuploads%2F2021%2F08%2Fdata-sheet-LESAN-SM_de.pdf.zip\u00a0\u00bb css=\u00a0\u00bb.vc_custom_1629184602604{margin-left: 50px !important;}\u00a0\u00bb][\/vc_column][\/vc_row]<\/p>\n<\/div>","protected":false},"excerpt":{"rendered":"<p>[vc_row][vc_column width=\u00a0\u00bb1\/2&Prime;][vc_column_text css=\u00a0\u00bb.vc_custom_1634279083967{margin-top: -5px !important;}\u00a0\u00bb]Leseleuchte\u00a0[\/vc_column_text][vc_column_text css=\u00a0\u00bb.vc_custom_1634279078408{margin-top: -10px !important;}\u00a0\u00bb] Designed by: Florian Schulz [\/vc_column_text][vc_column_text] H\u00f6he: verstellbar von 90 &#8211; 135 cm Schirm: Metall \u00d8 28 cm Fassung: E27, max. 100 W Leuchtmittel: 1 x E27 LED \u00e1 1055 Lumen, 10,5 W inkl. 2700\u00b0 K, 10,5 W entspricht 75 W, dimmbar Kabel: 3 m Dimmer: in Zuleitung&hellip;<\/p>\n","protected":false},"author":1,"featured_media":4889,"comment_status":"closed","ping_status":"closed","template":"","meta":{"_acf_changed":false,"footnotes":""},"portfolio_category":[36,83],"portfolio_tag":[],"class_list":["post-4888","portfolio","type-portfolio","status-publish","has-post-thumbnail","hentry","portfolio_category-leseleuchten","portfolio_category-leseleuchten-fs"],"translation":{"provider":"WPGlobus","version":"3.0.2","language":"fr","enabled_languages":["de","en","fr"],"languages":{"de":{"title":true,"content":true,"excerpt":false},"en":{"title":true,"content":true,"excerpt":false},"fr":{"title":false,"content":false,"excerpt":false}}},"acf":[],"aioseo_notices":[],"_links":{"self":[{"href":"https:\/\/vs-manufaktur.de\/fr\/wp-json\/wp\/v2\/portfolio\/4888","targetHints":{"allow":["GET"]}}],"collection":[{"href":"https:\/\/vs-manufaktur.de\/fr\/wp-json\/wp\/v2\/portfolio"}],"about":[{"href":"https:\/\/vs-manufaktur.de\/fr\/wp-json\/wp\/v2\/types\/portfolio"}],"author":[{"embeddable":true,"href":"https:\/\/vs-manufaktur.de\/fr\/wp-json\/wp\/v2\/users\/1"}],"replies":[{"embeddable":true,"href":"https:\/\/vs-manufaktur.de\/fr\/wp-json\/wp\/v2\/comments?post=4888"}],"version-history":[{"count":40,"href":"https:\/\/vs-manufaktur.de\/fr\/wp-json\/wp\/v2\/portfolio\/4888\/revisions"}],"predecessor-version":[{"id":10882,"href":"https:\/\/vs-manufaktur.de\/fr\/wp-json\/wp\/v2\/portfolio\/4888\/revisions\/10882"}],"wp:featuredmedia":[{"embeddable":true,"href":"https:\/\/vs-manufaktur.de\/fr\/wp-json\/wp\/v2\/media\/4889"}],"wp:attachment":[{"href":"https:\/\/vs-manufaktur.de\/fr\/wp-json\/wp\/v2\/media?parent=4888"}],"wp:term":[{"taxonomy":"portfolio_category","embeddable":true,"href":"https:\/\/vs-manufaktur.de\/fr\/wp-json\/wp\/v2\/portfolio_category?post=4888"},{"taxonomy":"portfolio_tag","embeddable":true,"href":"https:\/\/vs-manufaktur.de\/fr\/wp-json\/wp\/v2\/portfolio_tag?post=4888"}],"curies":[{"name":"wp","href":"https:\/\/api.w.org\/{rel}","templated":true}]}}