{"id":12015,"date":"2022-08-15T10:44:18","date_gmt":"2022-08-15T10:44:18","guid":{"rendered":"https:\/\/vs-manufaktur.de\/?page_id=12015"},"modified":"2023-09-27T10:29:21","modified_gmt":"2023-09-27T10:29:21","slug":"vs-manufaktur-wandlampen","status":"publish","type":"page","link":"https:\/\/vs-manufaktur.de\/fr\/vs-manufaktur-wandlampen\/","title":{"rendered":"VS Manufaktur &#8211; Wandlampen"},"content":{"rendered":"<div class=\"wpb-content-wrapper\"><p>[vc_row][vc_column][vc_column_text]<\/p>\n<h1>Kunstvolle Wandbeleuchtung sorgt f\u00fcr ein sch\u00f6nes Ambiente<\/h1>\n<p>Ihnen ist ein sch\u00f6nes Ambiente zu Hause wichtig? Unsere\u00a0<strong>Wandbeleuchtungen<\/strong>\u00a0tauchen Ihre Wohnr\u00e4ume in ein ganz neues Licht. Lassen Sie sich \u00fcberraschen, wie positiv sich damit die Stimmung der R\u00e4ume ver\u00e4ndert! Wir m\u00f6chten Sie mit unserem Design begeistern und Ihre Vorstellungen und W\u00fcnsche erf\u00fcllen. Gerade in gro\u00dfen R\u00e4umen k\u00f6nnen Sie mit der passenden Wandbeleuchtung\u00a0<strong>sch\u00f6ne Lichtakzente<\/strong>\u00a0setzen. Schaffen Sie mit unserer Wandbeleuchtung Atmosph\u00e4re. Jeder Raum erh\u00e4lt so seine pers\u00f6nliche Note.<\/p>\n<p>Je nach Ihrem Geschmack kann die Wandbeleuchtung als\u00a0<strong>dezente Lichtquelle<\/strong>\u00a0wirken oder auch ein besonderer Blickfang sein.<br \/>\n<strong>Unsere Wandlampen machen Ihren Raum behaglich und haben ein zeitloses Aussehen.<\/strong>[\/vc_column_text][\/vc_column][\/vc_row][vc_row][vc_column width=\u00a0\u00bb1\/2&Prime;][vc_single_image image=\u00a0\u00bb10949&Prime; img_size=\u00a0\u00bbfull\u00a0\u00bb onclick=\u00a0\u00bbcustom_link\u00a0\u00bb link=\u00a0\u00bbhttps:\/\/vs-manufaktur.de\/portfolio\/pin-w-dim-2022\/\u00a0\u00bb][vc_column_text]<\/p>\n<h3><a href=\"https:\/\/vs-manufaktur.de\/portfolio\/pin-w-dim-2022\/\">PIN W<\/a><\/h3>\n<p>Wandleuchte[\/vc_column_text][\/vc_column][vc_column width=\u00a0\u00bb1\/2&Prime;][vc_single_image image=\u00a0\u00bb10971&Prime; img_size=\u00a0\u00bbfull\u00a0\u00bb onclick=\u00a0\u00bbcustom_link\u00a0\u00bb link=\u00a0\u00bbhttps:\/\/vs-manufaktur.de\/portfolio\/beo\/\u00a0\u00bb][vc_column_text]<\/p>\n<h3><a title=\"BEO\" href=\"https:\/\/vs-manufaktur.de\/portfolio\/beo\/\">BEO<\/a><\/h3>\n<p>Wand- und Treppenhausleuchte[\/vc_column_text][\/vc_column][\/vc_row][vc_row css=\u00a0\u00bb.vc_custom_1660556294542{margin-top: 30px !important;margin-right: 10% !important;margin-bottom: 40px !important;margin-left: 10% !important;}\u00a0\u00bb][vc_column][vc_column_text]<\/p>\n<h1 style=\"text-align: center;\">Weitere Modelle finden Sie auf den jeweiligen Unterseiten der Kollektionen<\/h1>\n<p>[\/vc_column_text][vc_row_inner][vc_column_inner width=\u00a0\u00bb1\/3&Prime;][vc_column_text el_class=\u00a0\u00bbKollektion_Auswahlbutton\u00a0\u00bb]<a href=\"https:\/\/vs-manufaktur.de\/portfolio-category\/vs\/\">VS Manufaktur Kollektion<\/a>[\/vc_column_text][\/vc_column_inner][vc_column_inner width=\u00a0\u00bb1\/3&Prime;][vc_column_text el_class=\u00a0\u00bbKollektion_Auswahlbutton\u00a0\u00bb]<a href=\"https:\/\/vs-manufaktur.de\/kollektionen\/kollektion-florian-schulz\/\">Florian Schulz Kollektion<\/a>[\/vc_column_text][\/vc_column_inner][vc_column_inner width=\u00a0\u00bb1\/3&Prime;][vc_column_text el_class=\u00a0\u00bbKollektion_Auswahlbutton\u00a0\u00bb]<a href=\"https:\/\/vs-manufaktur.de\/alle-modelle\/\">\u00dcbersicht beider Kollektionen<\/a>[\/vc_column_text][\/vc_column_inner][\/vc_row_inner][\/vc_column][\/vc_row]<\/p>\n<\/div>","protected":false},"excerpt":{"rendered":"<p>[vc_row][vc_column][vc_column_text] Kunstvolle Wandbeleuchtung sorgt f\u00fcr ein sch\u00f6nes Ambiente Ihnen ist ein sch\u00f6nes Ambiente zu Hause wichtig? Unsere\u00a0Wandbeleuchtungen\u00a0tauchen Ihre Wohnr\u00e4ume in ein ganz neues Licht. Lassen Sie sich \u00fcberraschen, wie positiv sich damit die Stimmung der R\u00e4ume ver\u00e4ndert! Wir m\u00f6chten Sie mit unserem Design begeistern und Ihre Vorstellungen und W\u00fcnsche erf\u00fcllen. Gerade in gro\u00dfen R\u00e4umen k\u00f6nnen&hellip;<\/p>\n","protected":false},"author":2,"featured_media":0,"parent":0,"menu_order":0,"comment_status":"closed","ping_status":"closed","template":"","meta":{"_acf_changed":false,"footnotes":""},"class_list":["post-12015","page","type-page","status-publish","hentry"],"translation":{"provider":"WPGlobus","version":"3.0.2","language":"fr","enabled_languages":["de","en","fr"],"languages":{"de":{"title":true,"content":true,"excerpt":false},"en":{"title":true,"content":true,"excerpt":false},"fr":{"title":false,"content":false,"excerpt":false}}},"acf":[],"aioseo_notices":[],"_links":{"self":[{"href":"https:\/\/vs-manufaktur.de\/fr\/wp-json\/wp\/v2\/pages\/12015","targetHints":{"allow":["GET"]}}],"collection":[{"href":"https:\/\/vs-manufaktur.de\/fr\/wp-json\/wp\/v2\/pages"}],"about":[{"href":"https:\/\/vs-manufaktur.de\/fr\/wp-json\/wp\/v2\/types\/page"}],"author":[{"embeddable":true,"href":"https:\/\/vs-manufaktur.de\/fr\/wp-json\/wp\/v2\/users\/2"}],"replies":[{"embeddable":true,"href":"https:\/\/vs-manufaktur.de\/fr\/wp-json\/wp\/v2\/comments?post=12015"}],"version-history":[{"count":7,"href":"https:\/\/vs-manufaktur.de\/fr\/wp-json\/wp\/v2\/pages\/12015\/revisions"}],"predecessor-version":[{"id":12848,"href":"https:\/\/vs-manufaktur.de\/fr\/wp-json\/wp\/v2\/pages\/12015\/revisions\/12848"}],"wp:attachment":[{"href":"https:\/\/vs-manufaktur.de\/fr\/wp-json\/wp\/v2\/media?parent=12015"}],"curies":[{"name":"wp","href":"https:\/\/api.w.org\/{rel}","templated":true}]}}