{"id":11272,"date":"2022-02-19T12:34:02","date_gmt":"2022-02-19T12:34:02","guid":{"rendered":"https:\/\/vs-manufaktur.de\/?page_id=11272"},"modified":"2024-01-18T07:25:08","modified_gmt":"2024-01-18T07:25:08","slug":"kollektion-florian-schulz","status":"publish","type":"page","link":"https:\/\/vs-manufaktur.de\/fr\/kollektionen\/kollektion-florian-schulz\/","title":{"rendered":"Kollektion Florian Schulz"},"content":{"rendered":"<div class=\"wpb-content-wrapper\"><p>[vc_row][vc_column][vc_column_text]<\/p>\n<h1 class=\"unterstrichen\">Florian Schulz Kollektion<\/h1>\n<h2>TRADITIONEN BEWAHREN.<\/h2>\n<p>Voller Stolz bauen wir die Klassiker der Florian Schulz Kollektion weiter.[\/vc_column_text][\/vc_column][\/vc_row][vc_row][vc_column width=\u00a0\u00bb1\/5&Prime; el_class=\u00a0\u00bbKollektion_Auswahlrahmen\u00a0\u00bb][vc_single_image image=\u00a0\u00bb11742&Prime; img_size=\u00a0\u00bbfull\u00a0\u00bb alignment=\u00a0\u00bbcenter\u00a0\u00bb onclick=\u00a0\u00bbcustom_link\u00a0\u00bb link=\u00a0\u00bb\/kollektion\/portfolio-category\/leuchter-fs\/\u00a0\u00bb][vc_column_text]<\/p>\n<p style=\"text-align: center;\"><a href=\"\/kollektion\/portfolio-category\/leuchter-fs\/\">Leuchter<\/a><\/p>\n<p>[\/vc_column_text][\/vc_column][vc_column width=\u00a0\u00bb1\/5&Prime; el_class=\u00a0\u00bbKollektion_Auswahlrahmen\u00a0\u00bb][vc_single_image image=\u00a0\u00bb11284&Prime; img_size=\u00a0\u00bbfull\u00a0\u00bb alignment=\u00a0\u00bbcenter\u00a0\u00bb onclick=\u00a0\u00bbcustom_link\u00a0\u00bb link=\u00a0\u00bb\/kollektion\/portfolio-category\/raumstrahler-fs\/\u00a0\u00bb][vc_column_text]<\/p>\n<p style=\"text-align: center;\"><a href=\"\/kollektion\/portfolio-category\/raumstrahler-fs\/\">Raumstrahler<\/a><\/p>\n<p>[\/vc_column_text][\/vc_column][vc_column width=\u00a0\u00bb1\/5&Prime; el_class=\u00a0\u00bbKollektion_Auswahlrahmen\u00a0\u00bb][vc_single_image image=\u00a0\u00bb11285&Prime; img_size=\u00a0\u00bbfull\u00a0\u00bb alignment=\u00a0\u00bbcenter\u00a0\u00bb onclick=\u00a0\u00bbcustom_link\u00a0\u00bb link=\u00a0\u00bb\/kollektion\/portfolio-category\/bogenstehleuchten-fs\/\u00a0\u00bb][vc_column_text]<\/p>\n<p style=\"text-align: center;\"><a href=\"\/kollektion\/portfolio-category\/bogenstehleuchten-fs\/\">Bogenstehleuchten<\/a><\/p>\n<p>[\/vc_column_text][\/vc_column][vc_column width=\u00a0\u00bb1\/5&Prime; el_class=\u00a0\u00bbKollektion_Auswahlrahmen\u00a0\u00bb][vc_single_image image=\u00a0\u00bb11286&Prime; img_size=\u00a0\u00bbfull\u00a0\u00bb alignment=\u00a0\u00bbcenter\u00a0\u00bb onclick=\u00a0\u00bbcustom_link\u00a0\u00bb link=\u00a0\u00bb\/kollektion\/portfolio-category\/leseleuchten-fs\/\u00a0\u00bb][vc_column_text]<\/p>\n<p style=\"text-align: center;\"><a href=\"\/kollektion\/portfolio-category\/leseleuchten-fs\/\">Leseleuchten<\/a><\/p>\n<p>[\/vc_column_text][\/vc_column][vc_column width=\u00a0\u00bb1\/5&Prime; el_class=\u00a0\u00bbKollektion_Auswahlrahmen\u00a0\u00bb][vc_single_image image=\u00a0\u00bb11287&Prime; img_size=\u00a0\u00bbfull\u00a0\u00bb alignment=\u00a0\u00bbcenter\u00a0\u00bb onclick=\u00a0\u00bbcustom_link\u00a0\u00bb link=\u00a0\u00bb\/kollektion\/portfolio-category\/tischleuchten-fs\/\u00a0\u00bb][vc_column_text]<\/p>\n<p style=\"text-align: center;\"><a href=\"\/kollektion\/portfolio-category\/tischleuchten-fs\/\">Tischleuchten<\/a><\/p>\n<p>[\/vc_column_text][\/vc_column][\/vc_row][vc_row][vc_column width=\u00a0\u00bb1\/5&Prime; el_class=\u00a0\u00bbKollektion_Auswahlrahmen\u00a0\u00bb][vc_single_image image=\u00a0\u00bb11288&Prime; img_size=\u00a0\u00bbfull\u00a0\u00bb alignment=\u00a0\u00bbcenter\u00a0\u00bb onclick=\u00a0\u00bbcustom_link\u00a0\u00bb link=\u00a0\u00bb\/kollektion\/portfolio-category\/wandleuchten-fs\/\u00a0\u00bb][vc_column_text]<\/p>\n<p style=\"text-align: center;\"><a href=\"\/kollektion\/portfolio-category\/wandleuchten-fs\/\">Wandleuchten<\/a><\/p>\n<p>[\/vc_column_text][\/vc_column][vc_column width=\u00a0\u00bb1\/5&Prime; el_class=\u00a0\u00bbKollektion_Auswahlrahmen\u00a0\u00bb][vc_single_image image=\u00a0\u00bb11289&Prime; img_size=\u00a0\u00bbfull\u00a0\u00bb alignment=\u00a0\u00bbcenter\u00a0\u00bb onclick=\u00a0\u00bbcustom_link\u00a0\u00bb link=\u00a0\u00bb\/kollektion\/portfolio-category\/deckenleuchten-fs\/\u00a0\u00bb][vc_column_text]<\/p>\n<p style=\"text-align: center;\"><a href=\"\/kollektion\/portfolio-category\/deckenleuchten-fs\/\">Deckenleuchten<\/a><\/p>\n<p>[\/vc_column_text][\/vc_column][vc_column width=\u00a0\u00bb1\/5&Prime; el_class=\u00a0\u00bbKollektion_Auswahlrahmen\u00a0\u00bb][vc_single_image image=\u00a0\u00bb11290&Prime; img_size=\u00a0\u00bbfull\u00a0\u00bb alignment=\u00a0\u00bbcenter\u00a0\u00bb onclick=\u00a0\u00bbcustom_link\u00a0\u00bb link=\u00a0\u00bb\/kollektion\/portfolio-category\/pendelzugleuchten-fs\/\u00a0\u00bb][vc_column_text]<\/p>\n<p style=\"text-align: center;\"><a href=\"\/kollektion\/portfolio-category\/pendelzugleuchten-fs\/\">Pendelzugleuchten<\/a><\/p>\n<p>[\/vc_column_text][\/vc_column][vc_column width=\u00a0\u00bb1\/5&Prime; el_class=\u00a0\u00bbKollektion_Auswahlrahmen\u00a0\u00bb][vc_single_image image=\u00a0\u00bb11293&Prime; img_size=\u00a0\u00bbfull\u00a0\u00bb alignment=\u00a0\u00bbcenter\u00a0\u00bb onclick=\u00a0\u00bbcustom_link\u00a0\u00bb link=\u00a0\u00bb\/kollektion\/portfolio-category\/pendelleuchten-fs\/\u00a0\u00bb][vc_column_text]<\/p>\n<p style=\"text-align: center;\"><a href=\"\/kollektion\/portfolio-category\/pendelleuchten-fs\/\">Pendelleuchten<\/a><\/p>\n<p>[\/vc_column_text][\/vc_column][\/vc_row][vc_row el_class=\u00a0\u00bbAbstand\u00a0\u00bb][vc_column][vc_column_text]<\/p>\n<h1 class=\"unterstrichen\">\u00dcber Florian Schulz<\/h1>\n<p>[\/vc_column_text][vc_row_inner][vc_column_inner][vc_column_text]<img loading=\"lazy\" decoding=\"async\" class=\"alignleft wp-image-11295 size-full\" style=\"width: 19%; height: auto; margin: 0 16px 16px 0;\" src=\"https:\/\/vs-manufaktur.de\/wp-content\/uploads\/2022\/02\/Portrait-Florian-Schulz.jpg\" alt=\"\" width=\"410\" height=\"410\" srcset=\"https:\/\/vs-manufaktur.de\/wp-content\/uploads\/2022\/02\/Portrait-Florian-Schulz.jpg 410w, https:\/\/vs-manufaktur.de\/wp-content\/uploads\/2022\/02\/Portrait-Florian-Schulz-300x300.jpg 300w, https:\/\/vs-manufaktur.de\/wp-content\/uploads\/2022\/02\/Portrait-Florian-Schulz-150x150.jpg 150w\" sizes=\"auto, (max-width: 410px) 100vw, 410px\" \/>Florian Schulz (1946\u20142019) absolvierte im elterlichen Handwerksbetrieb eine Ausbildung zum Metallbildner.<br \/>\n<strong>Als j\u00fcngster Sohn \u00fcbernahm er die Leuchtenmanufaktur 1973.<\/strong> Auch er widmete sich zun\u00e4chst dem Objekt-Bau mit Ma\u00dfanfertigungen f\u00fcr unter Anderem die Staatsoper Stuttgart und das Modehaus Breuninger. Mehr und mehr jedoch konzentrierte er sich auf die Gestaltung von Wohnraumleuchten aus Messing. Diese wurden weiterhin am Standort in Ludwigsburg von einem ausgesuchten Team an Handwerkern in Serie produziert.<br \/>\n<strong>So entwickelte Florian Schulz \u00fcber die Jahre eine umfangreiche Kollektion an Leuchten, die in allen Bereichen des Wohnens einsetzbar sind &#8211; damals wie heute.<\/strong><\/p>\n<p>Antrieb und Inspiration waren f\u00fcr ihn die M\u00f6glichkeiten der Messingbearbeitung und der Anspruch zeitlose funktionale Leuchten zu erschaffen, die den Wohnraum bestm\u00f6glich ausleuchten.<br \/>\n<strong>Damit hinterlie\u00df er eine einzigartige Sammlung, die h\u00f6chste Handwerkskunst mit zeitlosem Design und zeitgem\u00e4\u00dfer Technik verband.<\/strong>[\/vc_column_text][\/vc_column_inner][\/vc_row_inner][\/vc_column][\/vc_row]<\/p>\n<\/div>","protected":false},"excerpt":{"rendered":"<p>[vc_row][vc_column][vc_column_text] Florian Schulz Kollektion TRADITIONEN BEWAHREN. Voller Stolz bauen wir die Klassiker der Florian Schulz Kollektion weiter.[\/vc_column_text][\/vc_column][\/vc_row][vc_row][vc_column width=\u00a0\u00bb1\/5&Prime; el_class=\u00a0\u00bbKollektion_Auswahlrahmen\u00a0\u00bb][vc_single_image image=\u00a0\u00bb11742&Prime; img_size=\u00a0\u00bbfull\u00a0\u00bb alignment=\u00a0\u00bbcenter\u00a0\u00bb onclick=\u00a0\u00bbcustom_link\u00a0\u00bb link=\u00a0\u00bb\/kollektion\/portfolio-category\/leuchter-fs\/\u00a0\u00bb][vc_column_text] Leuchter [\/vc_column_text][\/vc_column][vc_column width=\u00a0\u00bb1\/5&Prime; el_class=\u00a0\u00bbKollektion_Auswahlrahmen\u00a0\u00bb][vc_single_image image=\u00a0\u00bb11284&Prime; img_size=\u00a0\u00bbfull\u00a0\u00bb alignment=\u00a0\u00bbcenter\u00a0\u00bb onclick=\u00a0\u00bbcustom_link\u00a0\u00bb link=\u00a0\u00bb\/kollektion\/portfolio-category\/raumstrahler-fs\/\u00a0\u00bb][vc_column_text] Raumstrahler [\/vc_column_text][\/vc_column][vc_column width=\u00a0\u00bb1\/5&Prime; el_class=\u00a0\u00bbKollektion_Auswahlrahmen\u00a0\u00bb][vc_single_image image=\u00a0\u00bb11285&Prime; img_size=\u00a0\u00bbfull\u00a0\u00bb alignment=\u00a0\u00bbcenter\u00a0\u00bb onclick=\u00a0\u00bbcustom_link\u00a0\u00bb link=\u00a0\u00bb\/kollektion\/portfolio-category\/bogenstehleuchten-fs\/\u00a0\u00bb][vc_column_text] Bogenstehleuchten [\/vc_column_text][\/vc_column][vc_column width=\u00a0\u00bb1\/5&Prime; el_class=\u00a0\u00bbKollektion_Auswahlrahmen\u00a0\u00bb][vc_single_image image=\u00a0\u00bb11286&Prime; img_size=\u00a0\u00bbfull\u00a0\u00bb alignment=\u00a0\u00bbcenter\u00a0\u00bb onclick=\u00a0\u00bbcustom_link\u00a0\u00bb link=\u00a0\u00bb\/kollektion\/portfolio-category\/leseleuchten-fs\/\u00a0\u00bb][vc_column_text] Leseleuchten [\/vc_column_text][\/vc_column][vc_column width=\u00a0\u00bb1\/5&Prime; el_class=\u00a0\u00bbKollektion_Auswahlrahmen\u00a0\u00bb][vc_single_image&hellip;<\/p>\n","protected":false},"author":1,"featured_media":0,"parent":11258,"menu_order":0,"comment_status":"closed","ping_status":"closed","template":"","meta":{"_acf_changed":false,"footnotes":""},"class_list":["post-11272","page","type-page","status-publish","hentry"],"translation":{"provider":"WPGlobus","version":"3.0.2","language":"fr","enabled_languages":["de","en","fr"],"languages":{"de":{"title":true,"content":true,"excerpt":false},"en":{"title":false,"content":true,"excerpt":false},"fr":{"title":false,"content":false,"excerpt":false}}},"acf":[],"aioseo_notices":[],"_links":{"self":[{"href":"https:\/\/vs-manufaktur.de\/fr\/wp-json\/wp\/v2\/pages\/11272","targetHints":{"allow":["GET"]}}],"collection":[{"href":"https:\/\/vs-manufaktur.de\/fr\/wp-json\/wp\/v2\/pages"}],"about":[{"href":"https:\/\/vs-manufaktur.de\/fr\/wp-json\/wp\/v2\/types\/page"}],"author":[{"embeddable":true,"href":"https:\/\/vs-manufaktur.de\/fr\/wp-json\/wp\/v2\/users\/1"}],"replies":[{"embeddable":true,"href":"https:\/\/vs-manufaktur.de\/fr\/wp-json\/wp\/v2\/comments?post=11272"}],"version-history":[{"count":24,"href":"https:\/\/vs-manufaktur.de\/fr\/wp-json\/wp\/v2\/pages\/11272\/revisions"}],"predecessor-version":[{"id":12952,"href":"https:\/\/vs-manufaktur.de\/fr\/wp-json\/wp\/v2\/pages\/11272\/revisions\/12952"}],"up":[{"embeddable":true,"href":"https:\/\/vs-manufaktur.de\/fr\/wp-json\/wp\/v2\/pages\/11258"}],"wp:attachment":[{"href":"https:\/\/vs-manufaktur.de\/fr\/wp-json\/wp\/v2\/media?parent=11272"}],"curies":[{"name":"wp","href":"https:\/\/api.w.org\/{rel}","templated":true}]}}