{"id":11258,"date":"2022-02-19T10:26:18","date_gmt":"2022-02-19T10:26:18","guid":{"rendered":"https:\/\/vs-manufaktur.de\/?page_id=11258"},"modified":"2026-03-02T17:40:48","modified_gmt":"2026-03-02T17:40:48","slug":"kollektionen","status":"publish","type":"page","link":"https:\/\/vs-manufaktur.de\/fr\/","title":{"rendered":"Kollektionen"},"content":{"rendered":"<div class=\"wpb-content-wrapper\"><p>[vc_row full_width=\u00a0\u00bbstretch_row\u00a0\u00bb][vc_column][layerslider_vc id=\u00a0\u00bb23&Prime;][\/vc_column][\/vc_row][vc_row css=\u00a0\u00bb.vc_custom_1663750406907{margin-top: -20px !important;margin-right: 10% !important;margin-bottom: 40px !important;margin-left: 10% !important;}\u00a0\u00bb][vc_column][vc_column_text css=\u00a0\u00bb\u00a0\u00bb]<\/p>\n<h2>WILLKOMMEN BEI DER VS MANUFAKTUR LICHT + OBJEKT<\/h2>\n<p><strong>In unserem Hause entstehen mit h\u00f6chster Sorgfalt und handwerklicher Pr\u00e4zision mittlerweile 3 exklusive Leuchten-Kollektionen, die Designtradition und moderne Lichttechnik auf besondere Weise vereinen.<\/strong>.<\/p>\n<p>Die Leuchten der <a href=\"https:\/\/vs-manufaktur.de\/portfolio-category\/vs\/\"><strong>VS Manufaktur Kollektion<\/strong><\/a> verbinden zeitlos-klassisches Design mit modernen technischen M\u00f6glichkeiten. Hochwertige Materialien, nachhaltige Fertigung und eine klare Formensprache stehen dabei im Mittelpunkt. Jede Leuchte \u00fcberzeugt durch Qualit\u00e4t, Langlebigkeit und Wertbest\u00e4ndigkeit \u2013 geschaffen f\u00fcr Generationen.<\/p>\n<p>Die Klassiker der bekannten <a href=\"https:\/\/vs-manufaktur.de\/kollektionen\/kollektion-florian-schulz\/\"><strong>Florian Schulz<\/strong><\/a> Modelle werden weiterhin in gewohnter Qualit\u00e4t gefertigt. Das unverwechselbare Design bleibt bewahrt und wird mit Respekt vor der urspr\u00fcnglichen Gestaltung fortgef\u00fchrt. Technik und Bedienkomfort wurden behutsam modernisiert, sodass die Leuchten heutigen Anspr\u00fcchen entsprechen, ohne ihren charakteristischen Stil zu verlieren.<\/p>\n<p>Mit der \u00dcbernahme der Marke <a href=\"https:\/\/vs-manufaktur.de\/kollektionen\/betec-kollektion\/\"><strong>BETEC <\/strong><\/a> durch die VS Manufaktur wurde die traditionsreiche Kompetenz im Bereich der Bilderleuchten in unser Haus integriert und konsequent weiterentwickelt. Die BETEC Bilderleuchten Kollektion steht weiterhin f\u00fcr pr\u00e4zise Lichtl\u00f6sungen \u201eMade in Germany\u201c \u2013 verbunden mit der handwerklichen Qualit\u00e4t und dem hohen Designanspruch der VS Manufaktur.<\/p>\n<p data-start=\"0\" data-end=\"244\">Heute werden <strong data-start=\"13\" data-end=\"39\">alle drei Kollektionen<\/strong> zentral am Standort <span class=\"hover:entity-accent entity-underline inline cursor-pointer align-baseline\"><span class=\"whitespace-normal\">Steinheim<\/span><\/span> gefertigt. Hier verbinden sich traditionelle Manufakturarbeit, technisches Know-how und gestalterischer Anspruch zu einem stimmigen Gesamtkonzept.<\/p>\n<p data-start=\"246\" data-end=\"590\">Ob klassische Designleuchte, ikonisches Modell oder pr\u00e4zise Bilderleuchte \u2013 jede Leuchte entsteht mit h\u00f6chster Sorgfalt, moderner LED-Technologie und einem klaren Fokus auf Lichtqualit\u00e4t, Langlebigkeit und Funktionalit\u00e4t. Reduzierte Formensprache, zeitlose Linienf\u00fchrung und exzellente Verarbeitung pr\u00e4gen dabei alle Kollektionen gleicherma\u00dfen.<\/p>\n<p data-start=\"592\" data-end=\"748\" data-is-last-node=\"\" data-is-only-node=\"\">So vereinen sich Tradition und Innovation zu Lichtl\u00f6sungen, die sowohl in anspruchsvollen privaten Wohnr\u00e4umen als auch im professionellen Umfeld \u00fcberzeugen.<\/p>\n<p>[\/vc_column_text][vc_row_inner][vc_column_inner width=\u00a0\u00bb1\/3&Prime;][vc_column_text el_class=\u00a0\u00bbKollektion_Auswahlbutton\u00a0\u00bb]<a href=\"https:\/\/vs-manufaktur.de\/portfolio-category\/vs\/\">VS Manufaktur Kollektion<\/a>[\/vc_column_text][\/vc_column_inner][vc_column_inner width=\u00a0\u00bb1\/3&Prime;][vc_column_text el_class=\u00a0\u00bbKollektion_Auswahlbutton\u00a0\u00bb]<a href=\"https:\/\/vs-manufaktur.de\/kollektionen\/kollektion-florian-schulz\/\">Florian Schulz Kollektion<\/a>[\/vc_column_text][\/vc_column_inner][vc_column_inner width=\u00a0\u00bb1\/3&Prime;][vc_column_text css=\u00a0\u00bb\u00a0\u00bb el_class=\u00a0\u00bbKollektion_Auswahlbutton\u00a0\u00bb]<a href=\"https:\/\/vs-manufaktur.de\/kollektionen\/betec-kollektion\/\">BETEC Kollektion<\/a>[\/vc_column_text][\/vc_column_inner][\/vc_row_inner][\/vc_column][\/vc_row][vc_row css=\u00a0\u00bb.vc_custom_1696837077250{margin-right: 10% !important;margin-left: 10% !important;}\u00a0\u00bb][vc_column][vc_column_text css=\u00a0\u00bb.vc_custom_1696839756340{margin-top: 30px !important;}\u00a0\u00bb]<\/p>\n<h1>SWR-Fernsehdokumtation<\/h1>\n<p>[\/vc_column_text][\/vc_column][\/vc_row][vc_row][vc_column][vc_column_text]<\/p>\n<p style=\"text-align: center;\"><iframe loading=\"lazy\" title=\"YouTube video player\" src=\"https:\/\/www.youtube.com\/embed\/jAARA2lzPgw?si=3LJ2XCai60ENVHJq\" width=\"1064\" height=\"598\" frameborder=\"0\" allowfullscreen=\"allowfullscreen\"><\/iframe><\/p>\n<p>[\/vc_column_text][\/vc_column][\/vc_row]<\/p>\n<\/div>","protected":false},"excerpt":{"rendered":"<p>[vc_row full_width=\u00a0\u00bbstretch_row\u00a0\u00bb][vc_column][layerslider_vc id=\u00a0\u00bb23&Prime;][\/vc_column][\/vc_row][vc_row css=\u00a0\u00bb.vc_custom_1663750406907{margin-top: -20px !important;margin-right: 10% !important;margin-bottom: 40px !important;margin-left: 10% !important;}\u00a0\u00bb][vc_column][vc_column_text css=\u00a0\u00bb\u00a0\u00bb] WILLKOMMEN BEI DER VS MANUFAKTUR LICHT + OBJEKT In unserem Hause entstehen mit h\u00f6chster Sorgfalt und handwerklicher Pr\u00e4zision mittlerweile 3 exklusive Leuchten-Kollektionen, die Designtradition und moderne Lichttechnik auf besondere Weise vereinen.. Die Leuchten der VS Manufaktur Kollektion verbinden zeitlos-klassisches Design mit modernen&hellip;<\/p>\n","protected":false},"author":1,"featured_media":0,"parent":0,"menu_order":0,"comment_status":"closed","ping_status":"closed","template":"","meta":{"_acf_changed":false,"footnotes":""},"class_list":["post-11258","page","type-page","status-publish","hentry"],"translation":{"provider":"WPGlobus","version":"3.0.2","language":"fr","enabled_languages":["de","en","fr"],"languages":{"de":{"title":true,"content":true,"excerpt":false},"en":{"title":false,"content":true,"excerpt":false},"fr":{"title":false,"content":false,"excerpt":false}}},"acf":[],"aioseo_notices":[],"_links":{"self":[{"href":"https:\/\/vs-manufaktur.de\/fr\/wp-json\/wp\/v2\/pages\/11258","targetHints":{"allow":["GET"]}}],"collection":[{"href":"https:\/\/vs-manufaktur.de\/fr\/wp-json\/wp\/v2\/pages"}],"about":[{"href":"https:\/\/vs-manufaktur.de\/fr\/wp-json\/wp\/v2\/types\/page"}],"author":[{"embeddable":true,"href":"https:\/\/vs-manufaktur.de\/fr\/wp-json\/wp\/v2\/users\/1"}],"replies":[{"embeddable":true,"href":"https:\/\/vs-manufaktur.de\/fr\/wp-json\/wp\/v2\/comments?post=11258"}],"version-history":[{"count":53,"href":"https:\/\/vs-manufaktur.de\/fr\/wp-json\/wp\/v2\/pages\/11258\/revisions"}],"predecessor-version":[{"id":14105,"href":"https:\/\/vs-manufaktur.de\/fr\/wp-json\/wp\/v2\/pages\/11258\/revisions\/14105"}],"wp:attachment":[{"href":"https:\/\/vs-manufaktur.de\/fr\/wp-json\/wp\/v2\/media?parent=11258"}],"curies":[{"name":"wp","href":"https:\/\/api.w.org\/{rel}","templated":true}]}}